{"id":2,"date":"2013-08-16T05:42:19","date_gmt":"2013-08-16T05:42:19","guid":{"rendered":"http:\/\/hakkaraistensukuseura.iwn.co\/?page_id=2"},"modified":"2026-02-08T11:07:35","modified_gmt":"2026-02-08T11:07:35","slug":"etusivu","status":"publish","type":"page","link":"https:\/\/hakkaraistensukuseura.net\/","title":{"rendered":"Etusivu"},"content":{"rendered":"\n<h2 class=\"wp-block-heading\">Tervetuloa Hakkaraisten suvun facebook-sivulle:<\/h2>\n\n\n\n<h6 class=\"wp-block-heading\"><a href=\"https:\/\/www.facebook.com\/groups\/136109117952609\">https:\/\/www.facebook.com\/groups\/136109117952609<\/a><\/h6>\n\n\n\n<p><\/p>\n\n\n\n<p><strong>Vuoden 2026 s\u00e4\u00e4nt\u00f6m\u00e4\u00e4r\u00e4inen vuosikokous<\/strong> <strong>sek\u00e4<\/strong> sen yhteydess\u00e4 j\u00e4rjestett\u00e4v\u00e4 <strong>kes\u00e4tapaaminen<\/strong> tullaan j\u00e4rjest\u00e4m\u00e4\u00e4n Iisalmessa 15. &#8211; 16.08.2026.<\/p>\n\n\n\n<p>***<\/p>\n\n\n\n<p><strong>Vuoden 2025 kes\u00e4tapaaminen<\/strong> pidettiin elokuun ensimm\u00e4isen\u00e4 viikonloppuna 2. &#8211; 3.8.2025 Rantasalmen H\u00e4rk\u00e4l\u00e4ss\u00e4 Kuus-Hukkalan Lomakyl\u00e4ss\u00e4.<\/p>\n\n\n\n<p>Kokoonnuimme lauantaina 2.8. Rantasalmen Kuus-Hukkalassa kello 12 aikoihin sukuseuran tarjoaman keittolounaan merkeiss\u00e4 jonka j\u00e4lkeen l\u00e4hdimme pikkubussilla kohti Savonlinnaa jossa k\u00e4vimme tutustumassa oppaan johdolla Riihisaaren museoon.<\/p>\n\n\n\n<p>Paluumatkalla poikkesimme Parkum\u00e4keen sek\u00e4 Osikonm\u00e4elle ja palattuamme takaisin Kuus-Hukkalaan nautimme viel\u00e4 yhteisen illallisen.<\/p>\n\n\n\n<p>Sunnuntaina 3.8. kokoonnuimme aamiaisen j\u00e4lkeen kokoustilaan jossa saimme kuulla Antero Hakkaraisen esityksen Koillis-Savon Hakkaraiset 1640-luvulta. <\/p>\n\n\n\n<p>Esitys pohjautui h\u00e4nen tekem\u00e4\u00e4ns\u00e4 560 sivuiseen kirjaan jonka hinta on 40 euroa. Kirjan voi tilata joko suoraan h\u00e4nelt\u00e4 tai sitten sen voi k\u00e4yd\u00e4 ostamassa S\u00e4yneisen iltatorilta.<\/p>\n\n\n\n<p>Antero Hakkaraisen yhteystiedot ovat: S\u00e4hk\u00f6postiosoite antero.hakkarainen@outlook.com ja puhelinnumero 0400 715 144.<\/p>\n\n\n\n<p>Anteron esityksen j\u00e4lkeen katselimme Ari Kolehmaisen videoesitelm\u00e4n it\u00e4suomalaisten sukujen alkuhistorian tutkimuksesta. H\u00e4n on aihepiirin v\u00e4it\u00f6skirjatutkija (Jyv\u00e4skyl\u00e4n yliopisto) ja h\u00e4n toivoi lis\u00e4\u00e4 testiosallistujia my\u00f6s Hakkaraisten suvusta, erityishuomio Keski-Suomen suunnalle (Kivij\u00e4rvi-Kannonkoski-Viitasaari).<\/p>\n\n\n\n<p>T\u00e4m\u00e4 on painopisteelt\u00e4\u00e4n is\u00e4linjainen testaus (yDNA), mutta jokainen uusi testi t\u00e4ydent\u00e4\u00e4 tutkimuksia kantasuvuista, sukujen haarautumisesta, niiden alueellisuudesta jne. Vahva suositus siihen osallistumiseen my\u00f6s meid\u00e4n suvullemme.<\/p>\n\n\n\n<p>Saimme Ari Kolehmaisen pit\u00e4m\u00e4n esityksen videoklippin\u00e4 ja luvan jakaa sit\u00e4 (emme onnistuneet viel\u00e4 lataamaan sit\u00e4 t\u00e4nne), joten video l\u00f6ytyy t\u00e4ll\u00e4 hetkell\u00e4 ainoastaan Facebook ryhm\u00e4mme sivuilta.&nbsp;<\/p>\n\n\n\n<p>Ari Kolehmaisen yhteystiedot ovat: puhelinnumero 040 830 6457 ja s\u00e4hk\u00f6postiosoite kolehmainen.ari@gmail.com<\/p>\n\n\n\n<p>Kes\u00e4tapaaminen p\u00e4\u00e4ttyi sukuseuran tarjoamiin l\u00e4ht\u00f6kahveihin kello 12.00.<\/p>\n\n\n\n<p>Kiitos kaikille mukana olleille!<\/p>\n\n\n\n<p>***<\/p>\n\n\n\n<p>Ik\u00e4v\u00e4ksemme olemme saaneet kuulla t\u00e4m\u00e4n kes\u00e4n 2024 aikana kahden pitk\u00e4aikaisen Hakkaraisten sukuseuran hallituksen j\u00e4sen kuolemasta.<\/p>\n\n\n\n<p>Sukuseuran kunniaj\u00e4sen Aune Wass siirtyi ajasta ikuisuuteen kes\u00e4kuussa ja pitk\u00e4aikainen puheenjohta Heikki Hakkarainen hein\u00e4kuussa.<\/p>\n\n\n\n<p>Aune Wass tunnettiin sukuseuran pitk\u00e4aikaisena rahastonhoitajana jonka kanssa yhteisty\u00f6 sujui saumattomasti. Aune tutki my\u00f6s ahkerasti Kivij\u00e4rven Hakkaraisia ja jakoi auliisti sukututkimustuloksiaan eteenp\u00e4in.  <\/p>\n\n\n\n<p>Heikki Hakkarainen puolestaan oli kunnioitettu sukuseuran pitk\u00e4aikainen puheenjohtaja joka antoi puheenjohtaja aikanaan hallituksen j\u00e4senille t\u00e4yden tukensa seuran asioiden hoidossa.<\/p>\n\n\n\n<p>Hakkaraisten sukuseuran nykyinen hallitus muistaa l\u00e4mm\u00f6ll\u00e4 sek\u00e4 Aune Wassia ett\u00e4 Heikki Hakkaraista.<\/p>\n\n\n\n<h2 class=\"wp-block-heading\">Tapahtumat <\/h2>\n\n\n\n<p><\/p>\n\n\n\n<p><strong>Vuoden 2024 kes\u00e4tapaaminen pidettiin<\/strong> 03. &#8211; 04.08.2024 <strong>Kylpyl\u00e4hotelli Kunnonpaikassa Siilinj\u00e4rven<\/strong> <strong>Vuorelassa<\/strong> <\/p>\n\n\n\n<p>Tilaisuuteen osallisui yhteens\u00e4 35 henke\u00e4 ja osallistujia oli sek\u00e4 Suomesta ett\u00e4 Ruotsista.<\/p>\n\n\n\n<p>Lauantaina teimme p\u00e4iv\u00e4retken Telkk\u00e4m\u00e4en perinnetilalle jossa tutustuimme tilaan sek\u00e4 itsen\u00e4isesti ett\u00e4 oppaan johdolla. Opas kertoi meille tilan toiminnasta sek\u00e4 kasken polttamiseen liittyvist\u00e4 asioista. Lis\u00e4ksi saimme nauttia Kati Almaharjun monologista Charlotta em\u00e4nn\u00e4n roolissa.<\/p>\n\n\n\n<p>Matkamme Telkk\u00e4m\u00e4en perinnetilalle ja takaisin taittui tilausbussilla reitti\u00e4 J\u00e4l\u00e4-V\u00e4stinniemi-Telkk\u00e4m\u00e4ki-Kaavi-Viitaniemi ja matkaoppaanamme bussissa toimi sukuseuran sihteeri Timo Hakkarainen.<\/p>\n\n\n\n<p>Illan p\u00e4\u00e4tteksi nautimme yhteisen illallisen hotellin ravintolassa.<\/p>\n\n\n\n<p>Sunnuntaina Antero Hakkarainen piti viel\u00e4 ennen kotiin l\u00e4ht\u00f6amme esitelm\u00e4n Siilinj\u00e4rven Hakkaralan-kyl\u00e4n historiasta sek\u00e4 nautimme sukuseuran tarjoamat l\u00e4ht\u00f6kahvit.<\/p>\n\n\n\n<p><a href=\"https:\/\/1drv.ms\/b\/c\/b743d1f2b12a92e9\/EYt-ULe5fxZIjke_vDDVA0EBovnsZFmmFBAMKb4Zb-iSGw?e=jEpQTT\">Kuopion pit\u00e4j\u00e4n Hakkarala kyl\u00e4 <\/a>(Hakkaraisten sukutapaaminen 4.8.2024)<\/p>\n\n\n\n<p><a href=\"https:\/\/1drv.ms\/b\/c\/b743d1f2b12a92e9\/ERRsWZgKMv5BvI3pNfcLIb0BqFaCOLQb_hZWT5O9HPfz9Q?e=nnM41r\">HAKKARAISET 1500-1600 LUVUILLA<\/a><\/p>\n\n\n\n<p>Kiitos kaikille mukana olleille!<\/p>\n\n\n\n<p>***<\/p>\n\n\n\n<p><strong>Vuoden 2023 kes\u00e4tapaaminen<\/strong><\/p>\n\n\n\n<p>Perinteinen seuramme kes\u00e4tapaaminen pidettiin t\u00e4n\u00e4 vuonna aurinkoisessa Kuopiossa elokuun viimeisen\u00e4 viikonloppuna <strong>26.-27.8.2023<\/strong>&nbsp;<strong>Hotelli Puijonsarvessa.<\/strong><\/p>\n\n\n\n<p>Tapaaminen aloitettiin lauantaina 26.08.2023 lounastamalla omakustanteisesti, jonka j\u00e4lkeen alkoi virallinen osuus vuosikokouksella klo 14.30.<br>Kokouksessa valittiin hallitukseen seuraavalle toimikaudelle puheenjohtajaksi Virve Prami, varalle Riitta Lampioja. Lis\u00e4ksi hallitukseen valittiin Heikki Hakkarainen, Juhani Hakkarainen sek\u00e4 Timo Hakkarainen. Joista my\u00f6hemmin j\u00e4rjest\u00e4ytymiskokouksessa Timo Hakkarainen lupautui seuramme sihteeriksi ja Juhani Hakkarainen rahastonhoitajaksi.<\/p>\n\n\n\n<p>Kokous p\u00e4\u00e4tettiin klo 16.03 seuran tarjoamaan kahvihetkeen.<\/p>\n\n\n\n<p>Ohjelmassa oli viel\u00e4 tarinaa mets\u00e4suomalaisista Riitta Lampiojan johdolla.&nbsp;<\/p>\n\n\n\n<p>Sunnuntaina 27.8. k\u00e4ytiin viel\u00e4 Kuopion Korttelimuseossa, jossa oli paljon mielenkiintoista n\u00e4ht\u00e4v\u00e4\u00e4 ja kuultavaa asiantuntevan oppaan johdolla.<\/p>\n\n\n\n<h2 class=\"wp-block-heading\">* * *<\/h2>\n\n\n\n<p><strong>Vuoden 2022 kes\u00e4tapaaminen<\/strong><\/p>\n\n\n\n<p>Sukuseuramme j\u00e4senten perinteinen kes\u00e4tapaaminen pidettiin t\u00e4n\u00e4 vuonna H\u00e4meenlinnassa elokuun viimeisen\u00e4 viikonloppuna <strong>27.-28.8.2022<\/strong> <strong>Hotelli Scandic H\u00e4meenlinna Cityss\u00e4.<\/strong><\/p>\n\n\n\n<p>Ke\u00e4tapaaminen alkoi lauantaina 27.08.2022 kello 14.00 sukuseuran tarjoamilla tulokahveilla ja puheenjohtaja Heikki Hakkaraisen puheenvuorolla.<\/p>\n\n\n\n<p>Avauspuheenvuoron j\u00e4lkeen Antero Hakkarainen piti esitelm\u00e4n aiheesta Isojako ja perinn\u00f6ksiosto ja kirjailija\/toimittaja Anna-Kaari Hakkarainen kertoi kirjailijan ty\u00f6st\u00e4\u00e4n ja viimeisimm\u00e4st\u00e4, esineiden historiaa valottavasta kirjastaan Curiositas.<\/p>\n\n\n\n<p>P\u00e4iv\u00e4 p\u00e4\u00e4ttyi yhteiseen illalliseen hotellin ravintolassa.<\/p>\n\n\n\n<p>Sunnuntaina 28.08.2022 osa kes\u00e4tapaamiseen osallistuneista henkil\u00f6ist\u00e4 osallisui opastettuun kierrokseen H\u00e4meen linnassa.<\/p>\n\n\n\n<p><strong>Vuosikokous 2020<\/strong><\/p>\n\n\n\n<p>Sukuseuran vuosikokous pidettiin 19.9.2020 Nukketeatteri Sammon tiloissa. Kokouksen osallistujam\u00e4\u00e4r\u00e4 oli koronatilanteesta johtuen v\u00e4h\u00e4inen.<\/p>\n\n\n\n<p>Kokouksessa k\u00e4siteltiin s\u00e4\u00e4nt\u00f6jen kokoukselle m\u00e4\u00e4r\u00e4\u00e4m\u00e4t asiat. K\u00e4sitelt\u00e4v\u00e4n\u00e4 olivat toimintavuodet 2017, 2018 ja 2019.<\/p>\n\n\n\n<p>J\u00e4senmaksun suuruus p\u00e4\u00e4tettiin pit\u00e4\u00e4 ennallaan, 20 euroa \/ perhe \/ vuosi.<\/p>\n\n\n\n<p>Vuosikokouksen v\u00e4h\u00e4isen osallistujam\u00e4\u00e4r\u00e4n vuoksi entinen hallitus lupautui jatkamaan toistaiseksi. Puheenjohtaja Heikki Hakkarainen, varapuheenjohtaja Riitta Lampioja, sihteeri Virve Prami, rahastonhoitaja Kyllikki Kalliokoski, muut j\u00e4senet Riitta Hakkarainen ja Asko Hakkarainen.<\/p>\n\n\n\n<p>Yhdistyksen toiminnantarkastajina jatkavat Tero Hakkarainen ja Pirkka Hakkarainen. Varatoiminnantarkastajiksi valittiin Taina Hakkarainen sek\u00e4 Tero S\u00e4rkikangas.<\/p>\n\n\n\n<p><strong>Vuoden 2019 kes\u00e4tapaaminen<\/strong><\/p>\n\n\n\n<p>Vuoden <strong>2019 kes\u00e4tapaaminen<\/strong> pidettiin Lappeenrannan Kasinolla lauantaina 24.08.2019&nbsp; ja siihen osallistui 25 Hakkaraisten sukuseuran j\u00e4sent\u00e4 ymp\u00e4ri Suomen.<\/p>\n\n\n\n<p>Esittelykierroksen j\u00e4lkeen puheenjohtaja Heikki Hakkarainen esitteli teett\u00e4m\u00e4ns\u00e4 Hakkaraisten sukuseuran vaakunalla varustetun lattemukin. T\u00e4m\u00e4n j\u00e4lkeen Tero Hakkarainen alusti keskustelun DNA-tutkimukseen liittyen. Aihe her\u00e4tti eritt\u00e4in vilkasta keskustelua kuten se on tehnyt my\u00f6s aiempina vuosina.<\/p>\n\n\n\n<p>Illallinen nautittiin Lappeenrannan Hotelli kylpyl\u00e4 Spassa ja sunnuntaina osa kes\u00e4tapaamiseen osallistuneista henkil\u00f6ist\u00e4 teki viel\u00e4 Saimaan kanavaa pitkin koko p\u00e4iv\u00e4n kest\u00e4neen kanavaristeilyn Viipuriin.<\/p>\n\n\n\n<p>Vuoden <strong>2018 kes\u00e4tapaaminen<\/strong> pidettiin Lahden Hotelli Scandic City Lahdessa 04. &#8211; 05. elokuuta.<\/p>\n\n\n\n<p>Kes\u00e4tapaamiseen osallistui 29 Hakkaraisten sukuseuran j\u00e4sent\u00e4 ymp\u00e4ri Suomen. Koska puheenjohtaja ja varapuheenjohta eiv\u00e4t p\u00e4\u00e4sseet tulemaan paikalle, niin sihteeri Virve Prami toivotti l\u00e4sn\u00e4olijat tervetulleiksi Lahteen.<\/p>\n\n\n\n<p>Nopean esittelykierroksen j\u00e4lkeen Antero Hakkarainen piti esitelm\u00e4n &#8221;Hakkaraiset Kaavia asuttamassa&#8221; ja t\u00e4m\u00e4n j\u00e4lkeen Tero Hakkarainen alusti DNA-tutkimukseen liittyv\u00e4n keskustelun. Sek\u00e4 Anteron ett\u00e4 Teron esitykset her\u00e4ttiv\u00e4t vilkasta keskustelua, ja DNA:n tutkimuksen osalta l\u00e4sn\u00e4olijat saivat vastauksia useimpiin heit\u00e4 askarruttaneisiin kysymyksiin.<\/p>\n\n\n\n<p>Illallinen nautittiin hotellin ravintolassa ja p\u00f6yt\u00e4kunnissa keskusteltiin\/pohdittiin mm. seuraavan kes\u00e4tapaamisen paikkaa sek\u00e4 ajankohtaa. Tapaamispaikoiksi ehdotettiin Lappeenrantaa, Sotkamoa (Vuokatti) sek\u00e4 H\u00e4meenlinnaa ja ajankohdaksi elokuun loppua.<\/p>\n\n\n\n<p>Sunnuntai 05.08. k\u00e4ytiin 2 tunnin Lahden kiertoajelulla jonka aika pys\u00e4hdyttiin Lahden radiomastoilla jaloittelemaan.<\/p>\n\n\n\n<h4 class=\"wp-block-heading\"><strong>Hakkaraisten sukuseuran s\u00e4\u00e4nt\u00f6m\u00e4\u00e4r\u00e4inen vuosikokous<\/strong> <strong>pidettiin<\/strong> lauantaina 23.09.2017 Helsingiss\u00e4 hotelli Arthurissa ja siihen osallistui 23 henkil\u00f6\u00e4. Uuden hallituksen yhteystiedot l\u00f6ytyv\u00e4t Hallitus v\u00e4lilehdelt\u00e4.<\/h4>\n\n\n\n<h4 class=\"wp-block-heading\"><strong>Vuoden 2016 kes\u00e4tapaaminen<br>j\u00e4rjestettiin 6. &#8211; 7. elokuuta<\/strong> <strong>Varkaudessa<br>hotelli Scandic Oscarissa&nbsp;<\/strong><\/h4>\n\n\n\n<p>Kes\u00e4tapaaminen alkoi lauantaina kello 15:00 sukuseuran tarjoamien tervetulokahvien merkeiss\u00e4. T\u00e4m\u00e4n j\u00e4lkeen varapuheenjohtaja Heikki Hakkarainen esitteli itsens\u00e4 ja kertoi tulevien p\u00e4ivien ohjelmasta.<\/p>\n\n\n\n<p>Aluksi pidettiin esitt\u00e4ytymiskierros ja sen aikana sek\u00e4 sen j\u00e4lkeen k\u00e4ytiin vilkasta keskustelua eri sukuhaaroihin ja sukututkimusasioihin liittyen.<\/p>\n\n\n\n<p>Ennen Anne-Margit Straniuksen puheenvuoroa liittyen<br>DNA-tutkimukseen, kuultiin Tero Hakkaraisen ja Keijo Laineen musiikkiesitys, joka sis\u00e4lsi mm. Tapio Rautavaaran ja Juice Leskisen kappaleita.<\/p>\n\n\n\n<p>P\u00e4iv\u00e4n p\u00e4\u00e4tteeksi oli illallinen johon my\u00f6s Anna-Margit Stranius osallistui. Illallisen j\u00e4lkeen osa DNA-tutkimuksesta kiinnostuneista sek\u00e4 tulevaan testaukseen osallistuvia Hakkaraista keskusteli viel\u00e4 useamman tunnin ajan Anna-Margit Straniuksen kanssa aiheesta.<\/p>\n\n\n\n<p>Sunnuntaina k\u00e4ytiin ensin opastetulla Varkauden kiertoajelulla ja sen j\u00e4lkeen&nbsp; Mekaanisen musiikin museossa, jonka oppaat olivat mahtavia ja eritt\u00e4in spontaaneja.<\/p>\n\n\n\n<h4 class=\"wp-block-heading\"><strong>Vuoden 2015 kes\u00e4tapaaminen<\/strong> pidettiin<br>25. &#8211; 26.07.2015 Mikkeliss\u00e4 Sokos Hotelli Vaakunassa<\/h4>\n\n\n\n<p>Kes\u00e4tapaamiseen osallistui 46 Hakkaraisten sukuseuran j\u00e4sent\u00e4 ymp\u00e4ri Suomen. Kahvittelun j\u00e4lkeen puheenjohtaja Petri Hakkarainen toivotti l\u00e4sn\u00e4olijat tervetulleiksi Mikkellin ja t\u00e4m\u00e4n j\u00e4lkeen aloitettiin l\u00e4sn\u00e4-olijoiden esittelykierros.<\/p>\n\n\n\n<p>Esittelykierroksen j\u00e4lkeen Antero Hakkarainen kertoi aiheista Hakkaraiset v. 1540 &#8211; 1720 sek\u00e4 Hakkaraiset Ruotsin asuttajina<br>1500 &#8211; 1600-luvuilla.<\/p>\n\n\n\n<p>Anteron esityksen j\u00e4lkeen Suomen historian Maisteri Ari Kolehmainen, joka on perehtynyt 1500 &#8211; 1600-lukujen sukujuonteiden tutkimiseen, kertoi yleisesti DNA-tutkimukseen liittyvist\u00e4 asioista ja tulkitsi meille THL:n kautta tehtyjen DNA-tutkimusten tuloksia selkokielell\u00e4.<\/p>\n\n\n\n<p>Edell\u00e4 mainittujen esitysten j\u00e4lkeen kuultiin viel\u00e4 Tero Hakkaraisen esitys Nilsi\u00e4n Hakkaraisista.<\/p>\n\n\n\n<p>Vilkasta keskustelua jatkettiin viel\u00e4 illalla ruokailun yhteydess\u00e4 ravintola Fransmannissa.<\/p>\n\n\n\n<p>Sunnuntai 26.07. aloitettiin Mikkelin kiertoajelulla ja sen j\u00e4lkeen k\u00e4ytiin tutustumassa P\u00e4\u00e4majamuseoon sek\u00e4 Viestikeskus Lokkiin.<\/p>\n\n\n\n<h4 class=\"wp-block-heading\"><strong>Hakkaraisten sukuseuran <\/strong>s\u00e4\u00e4nt\u00f6m\u00e4\u00e4r\u00e4inen<strong> vuosikokous <\/strong>pidettiin lauantaina 13.09.2014 kello 13:00 Helsingiss\u00e4, hotelli Arthurissa<\/h4>\n\n\n\n<p>Vuosikokoukseen jossa valittiin sukuseuralle uusi hallitus kaudelle 2014 &#8211; 2016 osallistui 28 henke\u00e4. Hallituksen j\u00e4senten tiedot l\u00f6ytyv\u00e4t hallitus v\u00e4lilehdelt\u00e4.&nbsp; Kokouksessa keskusteltiin my\u00f6s vuosittaisen j\u00e4senmaksun nostamisesta ja p\u00e4\u00e4tettiin nostaa se 20 euroon\/perhe. Lis\u00e4ksi edellisen hallituksen esityksest\u00e4 valittiin Hakkaraisten sukuseuran kunniaj\u00e4seniksi sukututkimusty\u00f6ss\u00e4 ansioituneet Antero Hakkarainen, Tero Hakkarainen ja Aune Wass.<\/p>\n\n\n\n<h4 class=\"wp-block-heading\"><strong>Vuoden 2013 kes\u00e4tapaaminen<\/strong> pidettiin 3-4.8.2013 Tampereella, Koskikadun Cumuluksessa<\/h4>\n\n\n\n<p>Sukutapaamiseen saapui l\u00e4hes 50 osanottajaa eri puolilta Suomea. Tilaisuus alkoi kahvituksella jonka j\u00e4lkeen puheenjohtaja Heikki Hakkarainen toivotti l\u00e4sn\u00e4olijat tervetulleiksi ja osallistujat esitt\u00e4ytyiv\u00e4t.<\/p>\n\n\n\n<p>L\u00e4sn\u00e4olijoiden esittelykierroksen j\u00e4lkeen Antero Hakkarainen kertoi aiheesta \u201dJurvansalon Esko\u201d ja my\u00f6hemmin viel\u00e4 Hakkaraisten osallistumisesta \u00c4lvsborgin linnan lunastamiseen.<\/p>\n\n\n\n<p>Edell\u00e4 mainittujen esitysten v\u00e4liss\u00e4 kuultiin Tero Hakkaraisen uusista tutkimuksista liittyen Nilsi\u00e4n Hakkaraisiin.<\/p>\n\n\n\n<p>Lauantaip\u00e4iv\u00e4 p\u00e4\u00e4ttyi yhteiseen illalliseen hotelli Cumuluksen ravintolakabinetissa.<\/p>\n\n\n\n<p>Sunnuntaina halukkailla oli mahdollisuus osallistua Hakkaraisten sukuseuran kustantamalle opastetulle Tampereen kiertoajelulle joka p\u00e4\u00e4ttyi Vapriikin edustalle jossa k\u00e4vimme tutustumassa \u201dTerrakotta-armeija ja Kiinan keisarien aarteet\u201d n\u00e4yttelyyn.<\/p>\n\n\n\n<p>Vuoden 2015 kes\u00e4tapaaminen tullaan pit\u00e4m\u00e4\u00e4n todenn\u00e4k\u00f6isesti joko Siilinj\u00e4rvell\u00e4 tai Savonlinnassa.<\/p>\n\n\n\n<h4 class=\"wp-block-heading\"><strong>Vuoden 2012 kes\u00e4tapaaminen<\/strong> pidettiin 4-5.8.2012 Viitasaarella, Hotelli Pihkurissa<\/h4>\n\n\n\n<p>Sukutapaamiseen saapui l\u00e4hes 50 osanottajaa eri puolilta Suomea ja Ruotsia. Tilaisuus alkoi kahvituksella. Puheenjohtaja Heikki Hakkarainen toivotti l\u00e4sn\u00e4olijat tervetulleiksi. Osallistujat esitt\u00e4ytyiv\u00e4t ja kertoivat sukuhaaroistaan.<\/p>\n\n\n\n<p>Tero Hakkarainen kertoi Nilsi\u00e4n sukuhaarasta ja sukututkimuksesta. Antero Hakkarainen kertoi Hakkaraisten matkareiteist\u00e4 asuinsijoilleen. Tuula Ahokas kertoi Vastinniemen Hakkaraisten Tuomaalan talon kaupoista ja vaiheista. Kivij\u00e4rven Hakkaraisten sukututkimuksesta kertoi Aune Wass.<\/p>\n\n\n\n<p>Lauantain tilaisuus p\u00e4\u00e4ttyi illalliseen. Ne osallistujat, jotka y\u00f6pyiv\u00e4t hotelissa, saivat kuunnella Jukka Pojan konserttia y\u00f6my\u00f6h\u00e4lle.<\/p>\n\n\n\n<p>Sunnuntaina aamiaisen j\u00e4lkeen osa osallistujista vieraili Oy Haka Wood Ab:n sahalla. Tutustumiskierroksen j\u00e4lkeen nautittiin kahvit ja kuultiin sahan historiaa. Timo Hakkarainen kiitti tilaisuuden is\u00e4nt\u00e4 vieraanvaraisuudesta ja ojensi Hakkaraisten suvun standaarin Terhon, Teuvon ja Tuomaksen \u00e4idille, joka toimi kahvitarjoilun em\u00e4nt\u00e4n\u00e4.<\/p>\n\n\n\n<h4 class=\"wp-block-heading\"><strong>Vuoden 2011 vuosikokous<\/strong> pidettiin lauantaina 6.8.2011 Helsingiss\u00e4 hotelli Arthurissa<\/h4>\n\n\n\n<p>Jossa paikalla oli 40 Hakkaraisten sukuseuran j\u00e4sent\u00e4. Kokouksessa valittiin&nbsp; uusi hallitus toimintakaudelle 2011 &#8211; 2014 (kes\u00e4n\/syksyn vuosikokoukseen asti). Hallituksen kokoonpano yhteystietoineen l\u00f6ytyy v\u00e4lilehdelt\u00e4 hallitus.<\/p>\n\n\n\n<p>Vuosikokouksen j\u00e4lkeen pidettiin kes\u00e4tapaaminen jossa oli luennoimassa erikoistutkija Matti Lukka Terveyden ja hyvinvoinnin laitokselta aiheenaan DNA-tutkimus. Luento her\u00e4tti vilkasta keskustelua siit\u00e4 pit\u00e4isik\u00f6 Hakkaraisten sukuseuran tehd\u00e4 eri sukuhaaroista kyseinen tutkimus. Aiheesta keskustellaan lis\u00e4\u00e4 sukuseuran hallituksen kokouksessa.<\/p>\n\n\n\n<h4 class=\"wp-block-heading\"><strong>Vuoden 2010 kes\u00e4tapaaminen<\/strong> j\u00e4rjestettiin<br>07. &#8211; 08.08.2010 Ellivuoressa<\/h4>\n\n\n\n<p>Kes\u00e4tapaaminen sujui leppoisasti ja siell\u00e4 kuultiin mm. Aune Wassin puheevuoro Kivij\u00e4rven Hakkaraisiin liittyen, sek\u00e4 Tero Hakkaraisen esitys Nilsi\u00e4n Hakkaraisista, joka perustui seuran entisen puheenjohtajan ja perustajaj\u00e4senen Pertti Hakkaraisen arkistotietoihin. Lis\u00e4ksi Risto Torpo kertoi l\u00e4sn\u00e4olijoille Torpon sukuseuran toiminnasta. Sunnuntaina&nbsp; k\u00e4ytiin tutustumassa Herra Hakkaraisen taloon Sastamalassa.<\/p>\n\n\n\n<h4 class=\"wp-block-heading\">Kes\u00e4tapahtuma 01. &#8211; 02.08.2009 pidettiin Kuopion<br>Iso Valkeisessa<\/h4>\n\n\n\n<p><a title=\"\" href=\"http:\/\/www.hakkaraistensukuseura.net\/kokousmuistio200908.doc\" target=\"\" rel=\"noopener noreferrer\">Kokousmuistio 1.-2.8.2009.doc<\/a><\/p>\n\n\n\n<p>Tilaisuudessa oli paikalla yli 50 henkil\u00f6\u00e4 ymp\u00e4ri Suomen sek\u00e4 yksi osallistuja Kanadasta asti. Tilaisuudessa k\u00e4siteltiin mm. sukuseuran nykytilannetta ja sovittiin seuraavan kes\u00e4tapaamisen ajankohdaksi<br>07. &#8211; 08.08.2010 ja paikaksi Ellivuori. Tapaamisen aikana on tarkoitus k\u00e4yd\u00e4 vierailemassa Herra Hakkaraisen talossa Sastamalassa (joka sijaitsee entisen Vammalan keskustassa).<\/p>\n\n\n\n<p>Edellinen kes\u00e4tapaaminen pidettiin 11. \u2013 12.8.2007 Korpilahdella Alkio-opiston tiloissa. Silloin tapahtumaan osallistui l\u00e4hes viisikymment\u00e4 Hakkaraisten sukuseuraan kuuluvaa henkil\u00f6\u00e4 ymp\u00e4ri Suomen, joista osa my\u00f6s y\u00f6pyi paikan p\u00e4\u00e4ll\u00e4.<\/p>\n\n\n\n<p>Vuoden <strong>2019 kes\u00e4tapaaminen<\/strong> j\u00e4rjestettiin Lappeenrannassa 24.8.<\/p>\n\n\n\n<p>Aurinkoisessa s\u00e4\u00e4ss\u00e4 oli seuran j\u00e4seni\u00e4 kokoontunut hotellikylpyl\u00e4 Span tiloihin noin<br>25 henkil\u00f6\u00e4.<\/p>\n\n\n\n<p>Kokouksen aluksi puh.joht. Heikki Hakkarainen toivotti kaikki tervetulleiksi viihtym\u00e4\u00e4n ja tapaamaan toisiamme. Alkukahvien j\u00e4lkeen seurasi esittelykierros. Esitelm\u00e4n piti Tero Hakkarainen sukumme DNA-tutkimuksesta. Illallinen nautittiin yhteisesti hotellin tiloissa.<\/p>\n\n\n\n<p>Halukkaille oli sunnuntaina vuorossa Viipurin risteily Saimaan kanavaa pitkin Viipuriin. Risteily sujui aurinkoisessa s\u00e4\u00e4ss\u00e4 upeita maisemia katsellen. Viipurissa oli lyhyt kiertoajelu ja kahvit Py\u00f6re\u00e4ss\u00e4 tornissa. Paluumatka sujui iloisesti auringon hyv\u00e4illess\u00e4 matkaajia.<\/p>\n\n\n\n<p>Seuraavaa sukuseuran tapaaminen on vuosikokous Helsingiss\u00e4 syksyll\u00e4 2020.<\/p>\n\n\n\n<p>Ohessa muutama otos matkalta:<\/p>\n\n\n<div class=\"wp-block-image\">\n<figure class=\"alignleft\"><a href=\"http:\/\/hakkaraistensukuseura.net\/wp-content\/uploads\/2019\/10\/Viipuri-1.jpg\"><img loading=\"lazy\" decoding=\"async\" width=\"300\" height=\"180\" src=\"http:\/\/hakkaraistensukuseura.net\/wp-content\/uploads\/2019\/10\/Viipuri-1-300x180.jpg\" alt=\"\" class=\"wp-image-194\" srcset=\"https:\/\/hakkaraistensukuseura.net\/wp-content\/uploads\/2019\/10\/Viipuri-1-300x180.jpg 300w, https:\/\/hakkaraistensukuseura.net\/wp-content\/uploads\/2019\/10\/Viipuri-1-768x461.jpg 768w, https:\/\/hakkaraistensukuseura.net\/wp-content\/uploads\/2019\/10\/Viipuri-1-1024x615.jpg 1024w\" sizes=\"(max-width: 300px) 100vw, 300px\" \/><\/a><\/figure><\/div>\n\n<div class=\"wp-block-image\">\n<figure class=\"alignleft\"><a href=\"http:\/\/hakkaraistensukuseura.net\/wp-content\/uploads\/2019\/10\/Viipuri-2.jpg\"><img loading=\"lazy\" decoding=\"async\" width=\"300\" height=\"200\" src=\"http:\/\/hakkaraistensukuseura.net\/wp-content\/uploads\/2019\/10\/Viipuri-2-300x200.jpg\" alt=\"\" class=\"wp-image-195\" srcset=\"https:\/\/hakkaraistensukuseura.net\/wp-content\/uploads\/2019\/10\/Viipuri-2-300x200.jpg 300w, https:\/\/hakkaraistensukuseura.net\/wp-content\/uploads\/2019\/10\/Viipuri-2-768x512.jpg 768w, https:\/\/hakkaraistensukuseura.net\/wp-content\/uploads\/2019\/10\/Viipuri-2-1024x683.jpg 1024w\" sizes=\"(max-width: 300px) 100vw, 300px\" \/><\/a><\/figure><\/div>\n\n<div class=\"wp-block-image\">\n<figure class=\"alignleft\"><a href=\"http:\/\/hakkaraistensukuseura.net\/wp-content\/uploads\/2019\/10\/Viipuri-3.jpg\"><img loading=\"lazy\" decoding=\"async\" width=\"300\" height=\"200\" src=\"http:\/\/hakkaraistensukuseura.net\/wp-content\/uploads\/2019\/10\/Viipuri-3-300x200.jpg\" alt=\"\" class=\"wp-image-196\" srcset=\"https:\/\/hakkaraistensukuseura.net\/wp-content\/uploads\/2019\/10\/Viipuri-3-300x200.jpg 300w, https:\/\/hakkaraistensukuseura.net\/wp-content\/uploads\/2019\/10\/Viipuri-3-768x512.jpg 768w, https:\/\/hakkaraistensukuseura.net\/wp-content\/uploads\/2019\/10\/Viipuri-3-1024x683.jpg 1024w\" sizes=\"(max-width: 300px) 100vw, 300px\" \/><\/a><\/figure><\/div>\n\n<div class=\"wp-block-image\">\n<figure class=\"alignleft\"><a href=\"http:\/\/hakkaraistensukuseura.net\/wp-content\/uploads\/2019\/10\/Viipuri-4.jpg\"><img loading=\"lazy\" decoding=\"async\" width=\"300\" height=\"200\" src=\"http:\/\/hakkaraistensukuseura.net\/wp-content\/uploads\/2019\/10\/Viipuri-4-300x200.jpg\" alt=\"\" class=\"wp-image-197\" srcset=\"https:\/\/hakkaraistensukuseura.net\/wp-content\/uploads\/2019\/10\/Viipuri-4-300x200.jpg 300w, https:\/\/hakkaraistensukuseura.net\/wp-content\/uploads\/2019\/10\/Viipuri-4-768x512.jpg 768w, https:\/\/hakkaraistensukuseura.net\/wp-content\/uploads\/2019\/10\/Viipuri-4-1024x683.jpg 1024w\" sizes=\"(max-width: 300px) 100vw, 300px\" \/><\/a><\/figure><\/div>\n\n<div class=\"wp-block-image\">\n<figure class=\"alignleft\"><a href=\"http:\/\/hakkaraistensukuseura.net\/wp-content\/uploads\/2019\/10\/Viipuri-5.jpg\"><img loading=\"lazy\" decoding=\"async\" width=\"300\" height=\"200\" src=\"http:\/\/hakkaraistensukuseura.net\/wp-content\/uploads\/2019\/10\/Viipuri-5-300x200.jpg\" alt=\"\" class=\"wp-image-198\" srcset=\"https:\/\/hakkaraistensukuseura.net\/wp-content\/uploads\/2019\/10\/Viipuri-5-300x200.jpg 300w, https:\/\/hakkaraistensukuseura.net\/wp-content\/uploads\/2019\/10\/Viipuri-5-768x512.jpg 768w, https:\/\/hakkaraistensukuseura.net\/wp-content\/uploads\/2019\/10\/Viipuri-5-1024x683.jpg 1024w\" sizes=\"(max-width: 300px) 100vw, 300px\" \/><\/a><\/figure><\/div>\n\n\n<p><\/p>\n","protected":false},"excerpt":{"rendered":"<p>Tervetuloa Hakkaraisten suvun facebook-sivulle: https:\/\/www.facebook.com\/groups\/136109117952609 Vuoden 2026 s\u00e4\u00e4nt\u00f6m\u00e4\u00e4r\u00e4inen vuosikokous sek\u00e4 sen yhteydess\u00e4 j\u00e4rjestett\u00e4v\u00e4 kes\u00e4tapaaminen tullaan j\u00e4rjest\u00e4m\u00e4\u00e4n Iisalmessa 15. &#8211; 16.08.2026. *** Vuoden 2025 kes\u00e4tapaaminen pidettiin elokuun ensimm\u00e4isen\u00e4 viikonloppuna 2. &#8211;<\/p>\n","protected":false},"author":1001,"featured_media":0,"parent":0,"menu_order":0,"comment_status":"closed","ping_status":"closed","template":"","meta":{"footnotes":""},"_links":{"self":[{"href":"https:\/\/hakkaraistensukuseura.net\/index.php?rest_route=\/wp\/v2\/pages\/2"}],"collection":[{"href":"https:\/\/hakkaraistensukuseura.net\/index.php?rest_route=\/wp\/v2\/pages"}],"about":[{"href":"https:\/\/hakkaraistensukuseura.net\/index.php?rest_route=\/wp\/v2\/types\/page"}],"author":[{"embeddable":true,"href":"https:\/\/hakkaraistensukuseura.net\/index.php?rest_route=\/wp\/v2\/users\/1001"}],"replies":[{"embeddable":true,"href":"https:\/\/hakkaraistensukuseura.net\/index.php?rest_route=%2Fwp%2Fv2%2Fcomments&post=2"}],"version-history":[{"count":117,"href":"https:\/\/hakkaraistensukuseura.net\/index.php?rest_route=\/wp\/v2\/pages\/2\/revisions"}],"predecessor-version":[{"id":403,"href":"https:\/\/hakkaraistensukuseura.net\/index.php?rest_route=\/wp\/v2\/pages\/2\/revisions\/403"}],"wp:attachment":[{"href":"https:\/\/hakkaraistensukuseura.net\/index.php?rest_route=%2Fwp%2Fv2%2Fmedia&parent=2"}],"curies":[{"name":"wp","href":"https:\/\/api.w.org\/{rel}","templated":true}]}}